{"id":212,"date":"2020-02-10T09:30:53","date_gmt":"2020-02-10T08:30:53","guid":{"rendered":"http:\/\/ulmatlantique.fr\/?page_id=212"},"modified":"2022-04-25T12:47:49","modified_gmt":"2022-04-25T10:47:49","slug":"galerie-videos","status":"publish","type":"page","link":"https:\/\/ulmatlantique.fr\/?page_id=212","title":{"rendered":"Vid\u00e9os"},"content":{"rendered":"\t\t<div data-elementor-type=\"wp-page\" data-elementor-id=\"212\" class=\"elementor elementor-212\" data-elementor-post-type=\"page\">\n\t\t\t\t\t\t<section class=\"elementor-section elementor-top-section elementor-element elementor-element-251b3ca elementor-section-boxed elementor-section-height-default elementor-section-height-default wpr-particle-no wpr-jarallax-no wpr-parallax-no wpr-sticky-section-no wpr-equal-height-no\" data-id=\"251b3ca\" data-element_type=\"section\" data-e-type=\"section\">\n\t\t\t\t\t\t<div class=\"elementor-container elementor-column-gap-default\">\n\t\t\t\t\t<div class=\"elementor-column elementor-col-100 elementor-top-column elementor-element elementor-element-50765dc\" data-id=\"50765dc\" data-element_type=\"column\" data-e-type=\"column\">\n\t\t\t<div class=\"elementor-widget-wrap elementor-element-populated\">\n\t\t\t\t\t\t<div class=\"elementor-element elementor-element-573a355 elementor-widget elementor-widget-heading\" data-id=\"573a355\" data-element_type=\"widget\" data-e-type=\"widget\" data-widget_type=\"heading.default\">\n\t\t\t\t<div class=\"elementor-widget-container\">\n\t\t\t\t\t<h2 class=\"elementor-heading-title elementor-size-default\">Galerie Vid\u00e9os<\/h2>\t\t\t\t<\/div>\n\t\t\t\t<\/div>\n\t\t\t\t\t<\/div>\n\t\t<\/div>\n\t\t\t\t\t<\/div>\n\t\t<\/section>\n\t\t\t\t<section class=\"elementor-section elementor-top-section elementor-element elementor-element-373b5f69 elementor-section-boxed elementor-section-height-default elementor-section-height-default wpr-particle-no wpr-jarallax-no wpr-parallax-no wpr-sticky-section-no wpr-equal-height-no\" data-id=\"373b5f69\" data-element_type=\"section\" data-e-type=\"section\">\n\t\t\t\t\t\t<div class=\"elementor-container elementor-column-gap-default\">\n\t\t\t\t\t<div class=\"elementor-column elementor-col-100 elementor-top-column elementor-element elementor-element-a27cef7\" data-id=\"a27cef7\" data-element_type=\"column\" data-e-type=\"column\">\n\t\t\t<div class=\"elementor-widget-wrap elementor-element-populated\">\n\t\t\t\t\t\t<div class=\"elementor-element elementor-element-876dd9e elementor-widget elementor-widget-spacer\" data-id=\"876dd9e\" data-element_type=\"widget\" data-e-type=\"widget\" data-widget_type=\"spacer.default\">\n\t\t\t\t<div class=\"elementor-widget-container\">\n\t\t\t\t\t\t\t<div class=\"elementor-spacer\">\n\t\t\t<div class=\"elementor-spacer-inner\"><\/div>\n\t\t<\/div>\n\t\t\t\t\t\t<\/div>\n\t\t\t\t<\/div>\n\t\t\t\t\t<\/div>\n\t\t<\/div>\n\t\t\t\t\t<\/div>\n\t\t<\/section>\n\t\t\t\t<section class=\"elementor-section elementor-top-section elementor-element elementor-element-fb90327 elementor-section-content-middle elementor-section-boxed elementor-section-height-default elementor-section-height-default wpr-particle-no wpr-jarallax-no wpr-parallax-no wpr-sticky-section-no wpr-equal-height-no\" data-id=\"fb90327\" data-element_type=\"section\" data-e-type=\"section\">\n\t\t\t\t\t\t<div class=\"elementor-container elementor-column-gap-default\">\n\t\t\t\t\t<div class=\"elementor-column elementor-col-50 elementor-top-column elementor-element elementor-element-4dbfd73\" data-id=\"4dbfd73\" data-element_type=\"column\" data-e-type=\"column\">\n\t\t\t<div class=\"elementor-widget-wrap elementor-element-populated\">\n\t\t\t\t\t\t<div class=\"elementor-element elementor-element-4a39491 elementor-widget elementor-widget-image\" data-id=\"4a39491\" data-element_type=\"widget\" data-e-type=\"widget\" data-widget_type=\"image.default\">\n\t\t\t\t<div class=\"elementor-widget-container\">\n\t\t\t\t\t\t\t\t\t\t\t\t<figure class=\"wp-caption\">\n\t\t\t\t\t\t\t\t\t\t\t<a href=\"https:\/\/youtu.be\/s69z4WmV2Ls\" target=\"_blank\">\n\t\t\t\t\t\t\t<img fetchpriority=\"high\" decoding=\"async\" width=\"350\" height=\"197\" src=\"https:\/\/i0.wp.com\/ulmatlantique.fr\/wp-content\/uploads\/2022\/02\/Galerie-Video-Clip-video.png?fit=350%2C197&amp;ssl=1\" class=\"attachment-large size-large wp-image-6221\" alt=\"\" srcset=\"https:\/\/i0.wp.com\/ulmatlantique.fr\/wp-content\/uploads\/2022\/02\/Galerie-Video-Clip-video.png?w=350&amp;ssl=1 350w, https:\/\/i0.wp.com\/ulmatlantique.fr\/wp-content\/uploads\/2022\/02\/Galerie-Video-Clip-video.png?resize=300%2C169&amp;ssl=1 300w\" sizes=\"(max-width: 350px) 100vw, 350px\" \/>\t\t\t\t\t\t\t\t<\/a>\n\t\t\t\t\t\t\t\t\t\t\t<figcaption class=\"widget-image-caption wp-caption-text\">Clip Photos ULM ATLANTIQUE<\/figcaption>\n\t\t\t\t\t\t\t\t\t\t<\/figure>\n\t\t\t\t\t\t\t\t\t<\/div>\n\t\t\t\t<\/div>\n\t\t\t\t\t<\/div>\n\t\t<\/div>\n\t\t\t\t<div class=\"elementor-column elementor-col-50 elementor-top-column elementor-element elementor-element-5b7c641\" data-id=\"5b7c641\" data-element_type=\"column\" data-e-type=\"column\">\n\t\t\t<div class=\"elementor-widget-wrap elementor-element-populated\">\n\t\t\t\t\t\t<div class=\"elementor-element elementor-element-6b1e279 elementor-widget elementor-widget-image\" data-id=\"6b1e279\" data-element_type=\"widget\" data-e-type=\"widget\" data-widget_type=\"image.default\">\n\t\t\t\t<div class=\"elementor-widget-container\">\n\t\t\t\t\t\t\t\t\t\t\t\t<figure class=\"wp-caption\">\n\t\t\t\t\t\t\t\t\t\t\t<a href=\"https:\/\/youtu.be\/rDukFJXuv5M\" target=\"_blank\">\n\t\t\t\t\t\t\t<img decoding=\"async\" width=\"350\" height=\"197\" src=\"https:\/\/i0.wp.com\/ulmatlantique.fr\/wp-content\/uploads\/2022\/04\/Galerie-Video-Clip-Formation-Printemps.png?fit=350%2C197&amp;ssl=1\" class=\"attachment-large size-large wp-image-6347\" alt=\"\" srcset=\"https:\/\/i0.wp.com\/ulmatlantique.fr\/wp-content\/uploads\/2022\/04\/Galerie-Video-Clip-Formation-Printemps.png?w=350&amp;ssl=1 350w, https:\/\/i0.wp.com\/ulmatlantique.fr\/wp-content\/uploads\/2022\/04\/Galerie-Video-Clip-Formation-Printemps.png?resize=300%2C169&amp;ssl=1 300w\" sizes=\"(max-width: 350px) 100vw, 350px\" \/>\t\t\t\t\t\t\t\t<\/a>\n\t\t\t\t\t\t\t\t\t\t\t<figcaption class=\"widget-image-caption wp-caption-text\">Osez<\/figcaption>\n\t\t\t\t\t\t\t\t\t\t<\/figure>\n\t\t\t\t\t\t\t\t\t<\/div>\n\t\t\t\t<\/div>\n\t\t\t\t\t<\/div>\n\t\t<\/div>\n\t\t\t\t\t<\/div>\n\t\t<\/section>\n\t\t\t\t<section class=\"elementor-section elementor-top-section elementor-element elementor-element-f1d4f2d elementor-section-content-middle elementor-section-boxed elementor-section-height-default elementor-section-height-default wpr-particle-no wpr-jarallax-no wpr-parallax-no wpr-sticky-section-no wpr-equal-height-no\" data-id=\"f1d4f2d\" data-element_type=\"section\" data-e-type=\"section\">\n\t\t\t\t\t\t<div class=\"elementor-container elementor-column-gap-default\">\n\t\t\t\t\t<div class=\"elementor-column elementor-col-50 elementor-top-column elementor-element elementor-element-52405f0\" data-id=\"52405f0\" data-element_type=\"column\" data-e-type=\"column\">\n\t\t\t<div class=\"elementor-widget-wrap elementor-element-populated\">\n\t\t\t\t\t\t<div class=\"elementor-element elementor-element-2d50491 elementor-widget elementor-widget-image\" data-id=\"2d50491\" data-element_type=\"widget\" data-e-type=\"widget\" data-widget_type=\"image.default\">\n\t\t\t\t<div class=\"elementor-widget-container\">\n\t\t\t\t\t\t\t\t\t\t\t\t<figure class=\"wp-caption\">\n\t\t\t\t\t\t\t\t\t\t\t<a href=\"https:\/\/youtu.be\/GmO8sfxvb20\" target=\"_blank\">\n\t\t\t\t\t\t\t<img decoding=\"async\" width=\"350\" height=\"197\" src=\"https:\/\/i0.wp.com\/ulmatlantique.fr\/wp-content\/uploads\/2022\/04\/Galerie-Video-Le-courant-dHuchet-avec-JP-le-23-03-2022.png?fit=350%2C197&amp;ssl=1\" class=\"attachment-large size-large wp-image-6345\" alt=\"\" srcset=\"https:\/\/i0.wp.com\/ulmatlantique.fr\/wp-content\/uploads\/2022\/04\/Galerie-Video-Le-courant-dHuchet-avec-JP-le-23-03-2022.png?w=350&amp;ssl=1 350w, https:\/\/i0.wp.com\/ulmatlantique.fr\/wp-content\/uploads\/2022\/04\/Galerie-Video-Le-courant-dHuchet-avec-JP-le-23-03-2022.png?resize=300%2C169&amp;ssl=1 300w\" sizes=\"(max-width: 350px) 100vw, 350px\" \/>\t\t\t\t\t\t\t\t<\/a>\n\t\t\t\t\t\t\t\t\t\t\t<figcaption class=\"widget-image-caption wp-caption-text\">Le courant d'Huchet avec JP le 23 03 2022<\/figcaption>\n\t\t\t\t\t\t\t\t\t\t<\/figure>\n\t\t\t\t\t\t\t\t\t<\/div>\n\t\t\t\t<\/div>\n\t\t\t\t\t<\/div>\n\t\t<\/div>\n\t\t\t\t<div class=\"elementor-column elementor-col-50 elementor-top-column elementor-element elementor-element-3ab0528\" data-id=\"3ab0528\" data-element_type=\"column\" data-e-type=\"column\">\n\t\t\t<div class=\"elementor-widget-wrap elementor-element-populated\">\n\t\t\t\t\t\t<div class=\"elementor-element elementor-element-01fb8e2 elementor-widget elementor-widget-image\" data-id=\"01fb8e2\" data-element_type=\"widget\" data-e-type=\"widget\" data-widget_type=\"image.default\">\n\t\t\t\t<div class=\"elementor-widget-container\">\n\t\t\t\t\t\t\t\t\t\t\t\t<figure class=\"wp-caption\">\n\t\t\t\t\t\t\t\t\t\t\t<a href=\"https:\/\/youtu.be\/vJvIZ395xiw\" target=\"_blank\">\n\t\t\t\t\t\t\t<img loading=\"lazy\" decoding=\"async\" width=\"350\" height=\"197\" src=\"https:\/\/i0.wp.com\/ulmatlantique.fr\/wp-content\/uploads\/2022\/01\/Galerie-Video-Vol-de-Pierre-Mansencal-le-29-10-2021.png?fit=350%2C197&amp;ssl=1\" class=\"attachment-large size-large wp-image-4548\" alt=\"\" srcset=\"https:\/\/i0.wp.com\/ulmatlantique.fr\/wp-content\/uploads\/2022\/01\/Galerie-Video-Vol-de-Pierre-Mansencal-le-29-10-2021.png?w=350&amp;ssl=1 350w, https:\/\/i0.wp.com\/ulmatlantique.fr\/wp-content\/uploads\/2022\/01\/Galerie-Video-Vol-de-Pierre-Mansencal-le-29-10-2021.png?resize=300%2C169&amp;ssl=1 300w\" sizes=\"(max-width: 350px) 100vw, 350px\" \/>\t\t\t\t\t\t\t\t<\/a>\n\t\t\t\t\t\t\t\t\t\t\t<figcaption class=\"widget-image-caption wp-caption-text\">Vol de Pierre Mansencal le 29-10-2021<\/figcaption>\n\t\t\t\t\t\t\t\t\t\t<\/figure>\n\t\t\t\t\t\t\t\t\t<\/div>\n\t\t\t\t<\/div>\n\t\t\t\t\t<\/div>\n\t\t<\/div>\n\t\t\t\t\t<\/div>\n\t\t<\/section>\n\t\t\t\t<section class=\"elementor-section elementor-top-section elementor-element elementor-element-77b2a2d elementor-section-boxed elementor-section-height-default elementor-section-height-default wpr-particle-no wpr-jarallax-no wpr-parallax-no wpr-sticky-section-no wpr-equal-height-no\" data-id=\"77b2a2d\" data-element_type=\"section\" data-e-type=\"section\">\n\t\t\t\t\t\t<div class=\"elementor-container elementor-column-gap-default\">\n\t\t\t\t\t<div class=\"elementor-column elementor-col-50 elementor-top-column elementor-element elementor-element-d4c37d7\" data-id=\"d4c37d7\" data-element_type=\"column\" data-e-type=\"column\">\n\t\t\t<div class=\"elementor-widget-wrap elementor-element-populated\">\n\t\t\t\t\t\t<div class=\"elementor-element elementor-element-944d8c6 elementor-widget elementor-widget-image\" data-id=\"944d8c6\" data-element_type=\"widget\" data-e-type=\"widget\" data-widget_type=\"image.default\">\n\t\t\t\t<div class=\"elementor-widget-container\">\n\t\t\t\t\t\t\t\t\t\t\t\t<figure class=\"wp-caption\">\n\t\t\t\t\t\t\t\t\t\t\t<a href=\"https:\/\/youtu.be\/8ViJEsTB4ck\" target=\"_blank\">\n\t\t\t\t\t\t\t<img loading=\"lazy\" decoding=\"async\" width=\"350\" height=\"197\" src=\"https:\/\/i0.wp.com\/ulmatlantique.fr\/wp-content\/uploads\/2022\/01\/Galerie-Video-Test-Camera-Suiveuse.png?fit=350%2C197&amp;ssl=1\" class=\"attachment-large size-large wp-image-4547\" alt=\"\" srcset=\"https:\/\/i0.wp.com\/ulmatlantique.fr\/wp-content\/uploads\/2022\/01\/Galerie-Video-Test-Camera-Suiveuse.png?w=350&amp;ssl=1 350w, https:\/\/i0.wp.com\/ulmatlantique.fr\/wp-content\/uploads\/2022\/01\/Galerie-Video-Test-Camera-Suiveuse.png?resize=300%2C169&amp;ssl=1 300w\" sizes=\"(max-width: 350px) 100vw, 350px\" \/>\t\t\t\t\t\t\t\t<\/a>\n\t\t\t\t\t\t\t\t\t\t\t<figcaption class=\"widget-image-caption wp-caption-text\">Test Camera Suiveuse<\/figcaption>\n\t\t\t\t\t\t\t\t\t\t<\/figure>\n\t\t\t\t\t\t\t\t\t<\/div>\n\t\t\t\t<\/div>\n\t\t\t\t\t<\/div>\n\t\t<\/div>\n\t\t\t\t<div class=\"elementor-column elementor-col-50 elementor-top-column elementor-element elementor-element-ae448fd\" data-id=\"ae448fd\" data-element_type=\"column\" data-e-type=\"column\">\n\t\t\t<div class=\"elementor-widget-wrap elementor-element-populated\">\n\t\t\t\t\t\t<div class=\"elementor-element elementor-element-6442b4b elementor-widget elementor-widget-image\" data-id=\"6442b4b\" data-element_type=\"widget\" data-e-type=\"widget\" data-widget_type=\"image.default\">\n\t\t\t\t<div class=\"elementor-widget-container\">\n\t\t\t\t\t\t\t\t\t\t\t\t<figure class=\"wp-caption\">\n\t\t\t\t\t\t\t\t\t\t\t<a href=\"https:\/\/youtu.be\/wPaQh2SKVAY\" target=\"_blank\">\n\t\t\t\t\t\t\t<img loading=\"lazy\" decoding=\"async\" width=\"350\" height=\"197\" src=\"https:\/\/i0.wp.com\/ulmatlantique.fr\/wp-content\/uploads\/2022\/01\/Galerie-Video-Vol-de-Pascal-Freches-le-24-10-2021.png?fit=350%2C197&amp;ssl=1\" class=\"attachment-large size-large wp-image-4549\" alt=\"\" srcset=\"https:\/\/i0.wp.com\/ulmatlantique.fr\/wp-content\/uploads\/2022\/01\/Galerie-Video-Vol-de-Pascal-Freches-le-24-10-2021.png?w=350&amp;ssl=1 350w, https:\/\/i0.wp.com\/ulmatlantique.fr\/wp-content\/uploads\/2022\/01\/Galerie-Video-Vol-de-Pascal-Freches-le-24-10-2021.png?resize=300%2C169&amp;ssl=1 300w\" sizes=\"(max-width: 350px) 100vw, 350px\" \/>\t\t\t\t\t\t\t\t<\/a>\n\t\t\t\t\t\t\t\t\t\t\t<figcaption class=\"widget-image-caption wp-caption-text\">Vol de Pascal Freches le 24-10-2021<\/figcaption>\n\t\t\t\t\t\t\t\t\t\t<\/figure>\n\t\t\t\t\t\t\t\t\t<\/div>\n\t\t\t\t<\/div>\n\t\t\t\t\t<\/div>\n\t\t<\/div>\n\t\t\t\t\t<\/div>\n\t\t<\/section>\n\t\t\t\t<section class=\"elementor-section elementor-top-section elementor-element elementor-element-328f7db elementor-section-boxed elementor-section-height-default elementor-section-height-default wpr-particle-no wpr-jarallax-no wpr-parallax-no wpr-sticky-section-no wpr-equal-height-no\" data-id=\"328f7db\" data-element_type=\"section\" data-e-type=\"section\">\n\t\t\t\t\t\t<div class=\"elementor-container elementor-column-gap-default\">\n\t\t\t\t\t<div class=\"elementor-column elementor-col-50 elementor-top-column elementor-element elementor-element-e801346\" data-id=\"e801346\" data-element_type=\"column\" data-e-type=\"column\">\n\t\t\t<div class=\"elementor-widget-wrap elementor-element-populated\">\n\t\t\t\t\t\t<div class=\"elementor-element elementor-element-f4b8859 elementor-widget elementor-widget-image\" data-id=\"f4b8859\" data-element_type=\"widget\" data-e-type=\"widget\" data-widget_type=\"image.default\">\n\t\t\t\t<div class=\"elementor-widget-container\">\n\t\t\t\t\t\t\t\t\t\t\t\t<figure class=\"wp-caption\">\n\t\t\t\t\t\t\t\t\t\t\t<a href=\"https:\/\/youtu.be\/051XVg8gQWw\" target=\"_blank\">\n\t\t\t\t\t\t\t<img loading=\"lazy\" decoding=\"async\" width=\"350\" height=\"197\" src=\"https:\/\/i0.wp.com\/ulmatlantique.fr\/wp-content\/uploads\/2022\/01\/Galerie-Video-Vol-de-Faustine-le-26-10-2021.png?fit=350%2C197&amp;ssl=1\" class=\"attachment-large size-large wp-image-4550\" alt=\"\" srcset=\"https:\/\/i0.wp.com\/ulmatlantique.fr\/wp-content\/uploads\/2022\/01\/Galerie-Video-Vol-de-Faustine-le-26-10-2021.png?w=350&amp;ssl=1 350w, https:\/\/i0.wp.com\/ulmatlantique.fr\/wp-content\/uploads\/2022\/01\/Galerie-Video-Vol-de-Faustine-le-26-10-2021.png?resize=300%2C169&amp;ssl=1 300w\" sizes=\"(max-width: 350px) 100vw, 350px\" \/>\t\t\t\t\t\t\t\t<\/a>\n\t\t\t\t\t\t\t\t\t\t\t<figcaption class=\"widget-image-caption wp-caption-text\">Vol de Faustine le 26-10-2021<\/figcaption>\n\t\t\t\t\t\t\t\t\t\t<\/figure>\n\t\t\t\t\t\t\t\t\t<\/div>\n\t\t\t\t<\/div>\n\t\t\t\t\t<\/div>\n\t\t<\/div>\n\t\t\t\t<div class=\"elementor-column elementor-col-50 elementor-top-column elementor-element elementor-element-e52663d\" data-id=\"e52663d\" data-element_type=\"column\" data-e-type=\"column\">\n\t\t\t<div class=\"elementor-widget-wrap elementor-element-populated\">\n\t\t\t\t\t\t<div class=\"elementor-element elementor-element-7441606 elementor-widget elementor-widget-image\" data-id=\"7441606\" data-element_type=\"widget\" data-e-type=\"widget\" data-widget_type=\"image.default\">\n\t\t\t\t<div class=\"elementor-widget-container\">\n\t\t\t\t\t\t\t\t\t\t\t\t<figure class=\"wp-caption\">\n\t\t\t\t\t\t\t\t\t\t\t<a href=\"https:\/\/vimeo.com\/368677093\" target=\"_blank\">\n\t\t\t\t\t\t\t<img loading=\"lazy\" decoding=\"async\" width=\"350\" height=\"196\" src=\"https:\/\/i0.wp.com\/ulmatlantique.fr\/wp-content\/uploads\/2022\/01\/Galerie-Video-Vol-du-23-10-2019.png?fit=350%2C196&amp;ssl=1\" class=\"attachment-large size-large wp-image-4551\" alt=\"\" srcset=\"https:\/\/i0.wp.com\/ulmatlantique.fr\/wp-content\/uploads\/2022\/01\/Galerie-Video-Vol-du-23-10-2019.png?w=350&amp;ssl=1 350w, https:\/\/i0.wp.com\/ulmatlantique.fr\/wp-content\/uploads\/2022\/01\/Galerie-Video-Vol-du-23-10-2019.png?resize=300%2C168&amp;ssl=1 300w\" sizes=\"(max-width: 350px) 100vw, 350px\" \/>\t\t\t\t\t\t\t\t<\/a>\n\t\t\t\t\t\t\t\t\t\t\t<figcaption class=\"widget-image-caption wp-caption-text\">Vol du 23-10-2019<\/figcaption>\n\t\t\t\t\t\t\t\t\t\t<\/figure>\n\t\t\t\t\t\t\t\t\t<\/div>\n\t\t\t\t<\/div>\n\t\t\t\t\t<\/div>\n\t\t<\/div>\n\t\t\t\t\t<\/div>\n\t\t<\/section>\n\t\t\t\t<section class=\"elementor-section elementor-top-section elementor-element elementor-element-cb0f174 elementor-section-boxed elementor-section-height-default elementor-section-height-default wpr-particle-no wpr-jarallax-no wpr-parallax-no wpr-sticky-section-no wpr-equal-height-no\" data-id=\"cb0f174\" data-element_type=\"section\" data-e-type=\"section\">\n\t\t\t\t\t\t<div class=\"elementor-container elementor-column-gap-default\">\n\t\t\t\t\t<div class=\"elementor-column elementor-col-50 elementor-top-column elementor-element elementor-element-22c8dd8\" data-id=\"22c8dd8\" data-element_type=\"column\" data-e-type=\"column\">\n\t\t\t<div class=\"elementor-widget-wrap elementor-element-populated\">\n\t\t\t\t\t\t<div class=\"elementor-element elementor-element-d18a251 elementor-widget elementor-widget-image\" data-id=\"d18a251\" data-element_type=\"widget\" data-e-type=\"widget\" data-widget_type=\"image.default\">\n\t\t\t\t<div class=\"elementor-widget-container\">\n\t\t\t\t\t\t\t\t\t\t\t\t<figure class=\"wp-caption\">\n\t\t\t\t\t\t\t\t\t\t\t<a href=\"https:\/\/www.youtube.com\/watch?v=Pffn2PDraCQ\" target=\"_blank\">\n\t\t\t\t\t\t\t<img loading=\"lazy\" decoding=\"async\" width=\"350\" height=\"196\" src=\"https:\/\/i0.wp.com\/ulmatlantique.fr\/wp-content\/uploads\/2022\/01\/Galerie-Video-Vol-du-28-10-2019-La-Plage.png?fit=350%2C196&amp;ssl=1\" class=\"attachment-large size-large wp-image-4552\" alt=\"\" srcset=\"https:\/\/i0.wp.com\/ulmatlantique.fr\/wp-content\/uploads\/2022\/01\/Galerie-Video-Vol-du-28-10-2019-La-Plage.png?w=350&amp;ssl=1 350w, https:\/\/i0.wp.com\/ulmatlantique.fr\/wp-content\/uploads\/2022\/01\/Galerie-Video-Vol-du-28-10-2019-La-Plage.png?resize=300%2C168&amp;ssl=1 300w\" sizes=\"(max-width: 350px) 100vw, 350px\" \/>\t\t\t\t\t\t\t\t<\/a>\n\t\t\t\t\t\t\t\t\t\t\t<figcaption class=\"widget-image-caption wp-caption-text\">Vol du 28-10-2019 - La Plage<\/figcaption>\n\t\t\t\t\t\t\t\t\t\t<\/figure>\n\t\t\t\t\t\t\t\t\t<\/div>\n\t\t\t\t<\/div>\n\t\t\t\t\t<\/div>\n\t\t<\/div>\n\t\t\t\t<div class=\"elementor-column elementor-col-50 elementor-top-column elementor-element elementor-element-1411af0\" data-id=\"1411af0\" data-element_type=\"column\" data-e-type=\"column\">\n\t\t\t<div class=\"elementor-widget-wrap elementor-element-populated\">\n\t\t\t\t\t\t<div class=\"elementor-element elementor-element-aa2f86f elementor-widget elementor-widget-image\" data-id=\"aa2f86f\" data-element_type=\"widget\" data-e-type=\"widget\" data-widget_type=\"image.default\">\n\t\t\t\t<div class=\"elementor-widget-container\">\n\t\t\t\t\t\t\t\t\t\t\t\t<figure class=\"wp-caption\">\n\t\t\t\t\t\t\t\t\t\t\t<a href=\"https:\/\/youtu.be\/DtAKXP6dVWY\" target=\"_blank\">\n\t\t\t\t\t\t\t<img loading=\"lazy\" decoding=\"async\" width=\"350\" height=\"197\" src=\"https:\/\/i0.wp.com\/ulmatlantique.fr\/wp-content\/uploads\/2022\/01\/Galerie-Video-Vol-de-Melissa-le-12-01-2022.png?fit=350%2C197&amp;ssl=1\" class=\"attachment-large size-large wp-image-4553\" alt=\"\" srcset=\"https:\/\/i0.wp.com\/ulmatlantique.fr\/wp-content\/uploads\/2022\/01\/Galerie-Video-Vol-de-Melissa-le-12-01-2022.png?w=350&amp;ssl=1 350w, https:\/\/i0.wp.com\/ulmatlantique.fr\/wp-content\/uploads\/2022\/01\/Galerie-Video-Vol-de-Melissa-le-12-01-2022.png?resize=300%2C169&amp;ssl=1 300w\" sizes=\"(max-width: 350px) 100vw, 350px\" \/>\t\t\t\t\t\t\t\t<\/a>\n\t\t\t\t\t\t\t\t\t\t\t<figcaption class=\"widget-image-caption wp-caption-text\">Vol de Melissa le 12-01-2022<\/figcaption>\n\t\t\t\t\t\t\t\t\t\t<\/figure>\n\t\t\t\t\t\t\t\t\t<\/div>\n\t\t\t\t<\/div>\n\t\t\t\t\t<\/div>\n\t\t<\/div>\n\t\t\t\t\t<\/div>\n\t\t<\/section>\n\t\t\t\t<section class=\"elementor-section elementor-top-section elementor-element elementor-element-6cae9c4 elementor-section-boxed elementor-section-height-default elementor-section-height-default wpr-particle-no wpr-jarallax-no wpr-parallax-no wpr-sticky-section-no wpr-equal-height-no\" data-id=\"6cae9c4\" data-element_type=\"section\" data-e-type=\"section\">\n\t\t\t\t\t\t<div class=\"elementor-container elementor-column-gap-default\">\n\t\t\t\t\t<div class=\"elementor-column elementor-col-50 elementor-top-column elementor-element elementor-element-19b17d0\" data-id=\"19b17d0\" data-element_type=\"column\" data-e-type=\"column\">\n\t\t\t<div class=\"elementor-widget-wrap elementor-element-populated\">\n\t\t\t\t\t\t<div class=\"elementor-element elementor-element-afee6ee elementor-widget elementor-widget-image\" data-id=\"afee6ee\" data-element_type=\"widget\" data-e-type=\"widget\" data-widget_type=\"image.default\">\n\t\t\t\t<div class=\"elementor-widget-container\">\n\t\t\t\t\t\t\t\t\t\t\t\t<figure class=\"wp-caption\">\n\t\t\t\t\t\t\t\t\t\t\t<a href=\"https:\/\/youtu.be\/ulyuQ7axqSw\" target=\"_blank\">\n\t\t\t\t\t\t\t<img loading=\"lazy\" decoding=\"async\" width=\"350\" height=\"196\" src=\"https:\/\/i0.wp.com\/ulmatlantique.fr\/wp-content\/uploads\/2022\/01\/Galerie-Video-Bapteme-de-lair-de-Susie.png?fit=350%2C196&amp;ssl=1\" class=\"attachment-large size-large wp-image-4554\" alt=\"\" srcset=\"https:\/\/i0.wp.com\/ulmatlantique.fr\/wp-content\/uploads\/2022\/01\/Galerie-Video-Bapteme-de-lair-de-Susie.png?w=350&amp;ssl=1 350w, https:\/\/i0.wp.com\/ulmatlantique.fr\/wp-content\/uploads\/2022\/01\/Galerie-Video-Bapteme-de-lair-de-Susie.png?resize=300%2C168&amp;ssl=1 300w\" sizes=\"(max-width: 350px) 100vw, 350px\" \/>\t\t\t\t\t\t\t\t<\/a>\n\t\t\t\t\t\t\t\t\t\t\t<figcaption class=\"widget-image-caption wp-caption-text\">Bapt\u00eame de l'air de Susie<\/figcaption>\n\t\t\t\t\t\t\t\t\t\t<\/figure>\n\t\t\t\t\t\t\t\t\t<\/div>\n\t\t\t\t<\/div>\n\t\t\t\t\t<\/div>\n\t\t<\/div>\n\t\t\t\t<div class=\"elementor-column elementor-col-50 elementor-top-column elementor-element elementor-element-82029de\" data-id=\"82029de\" data-element_type=\"column\" data-e-type=\"column\">\n\t\t\t<div class=\"elementor-widget-wrap elementor-element-populated\">\n\t\t\t\t\t\t<div class=\"elementor-element elementor-element-937a3ba elementor-widget elementor-widget-image\" data-id=\"937a3ba\" data-element_type=\"widget\" data-e-type=\"widget\" data-widget_type=\"image.default\">\n\t\t\t\t<div class=\"elementor-widget-container\">\n\t\t\t\t\t\t\t\t\t\t\t\t<figure class=\"wp-caption\">\n\t\t\t\t\t\t\t\t\t\t\t<a href=\"https:\/\/youtu.be\/doNxetGW8Rs\" target=\"_blank\">\n\t\t\t\t\t\t\t<img loading=\"lazy\" decoding=\"async\" width=\"350\" height=\"196\" src=\"https:\/\/i0.wp.com\/ulmatlantique.fr\/wp-content\/uploads\/2022\/01\/Galerie-Video-Le-Bassin-dArcachon-avec-Nicolas.png?fit=350%2C196&amp;ssl=1\" class=\"attachment-large size-large wp-image-4555\" alt=\"\" srcset=\"https:\/\/i0.wp.com\/ulmatlantique.fr\/wp-content\/uploads\/2022\/01\/Galerie-Video-Le-Bassin-dArcachon-avec-Nicolas.png?w=350&amp;ssl=1 350w, https:\/\/i0.wp.com\/ulmatlantique.fr\/wp-content\/uploads\/2022\/01\/Galerie-Video-Le-Bassin-dArcachon-avec-Nicolas.png?resize=300%2C168&amp;ssl=1 300w\" sizes=\"(max-width: 350px) 100vw, 350px\" \/>\t\t\t\t\t\t\t\t<\/a>\n\t\t\t\t\t\t\t\t\t\t\t<figcaption class=\"widget-image-caption wp-caption-text\">Le  Bassin d'Arcachon avec Nicolas<\/figcaption>\n\t\t\t\t\t\t\t\t\t\t<\/figure>\n\t\t\t\t\t\t\t\t\t<\/div>\n\t\t\t\t<\/div>\n\t\t\t\t\t<\/div>\n\t\t<\/div>\n\t\t\t\t\t<\/div>\n\t\t<\/section>\n\t\t\t\t<section class=\"elementor-section elementor-top-section elementor-element elementor-element-074e965 elementor-section-boxed elementor-section-height-default elementor-section-height-default wpr-particle-no wpr-jarallax-no wpr-parallax-no wpr-sticky-section-no wpr-equal-height-no\" data-id=\"074e965\" data-element_type=\"section\" data-e-type=\"section\">\n\t\t\t\t\t\t<div class=\"elementor-container elementor-column-gap-default\">\n\t\t\t\t\t<div class=\"elementor-column elementor-col-50 elementor-top-column elementor-element elementor-element-b577715\" data-id=\"b577715\" data-element_type=\"column\" data-e-type=\"column\">\n\t\t\t<div class=\"elementor-widget-wrap elementor-element-populated\">\n\t\t\t\t\t\t<div class=\"elementor-element elementor-element-43de721 elementor-widget elementor-widget-image\" data-id=\"43de721\" data-element_type=\"widget\" data-e-type=\"widget\" data-widget_type=\"image.default\">\n\t\t\t\t<div class=\"elementor-widget-container\">\n\t\t\t\t\t\t\t\t\t\t\t\t<figure class=\"wp-caption\">\n\t\t\t\t\t\t\t\t\t\t\t<a href=\"https:\/\/vimeo.com\/368411134\" target=\"_blank\">\n\t\t\t\t\t\t\t<img loading=\"lazy\" decoding=\"async\" width=\"350\" height=\"196\" src=\"https:\/\/i0.wp.com\/ulmatlantique.fr\/wp-content\/uploads\/2022\/01\/Galerie-Video-Vol-du-21-10-2019.png?fit=350%2C196&amp;ssl=1\" class=\"attachment-large size-large wp-image-4556\" alt=\"\" srcset=\"https:\/\/i0.wp.com\/ulmatlantique.fr\/wp-content\/uploads\/2022\/01\/Galerie-Video-Vol-du-21-10-2019.png?w=350&amp;ssl=1 350w, https:\/\/i0.wp.com\/ulmatlantique.fr\/wp-content\/uploads\/2022\/01\/Galerie-Video-Vol-du-21-10-2019.png?resize=300%2C168&amp;ssl=1 300w\" sizes=\"(max-width: 350px) 100vw, 350px\" \/>\t\t\t\t\t\t\t\t<\/a>\n\t\t\t\t\t\t\t\t\t\t\t<figcaption class=\"widget-image-caption wp-caption-text\">Vol du 21-10-2019<\/figcaption>\n\t\t\t\t\t\t\t\t\t\t<\/figure>\n\t\t\t\t\t\t\t\t\t<\/div>\n\t\t\t\t<\/div>\n\t\t\t\t\t<\/div>\n\t\t<\/div>\n\t\t\t\t<div class=\"elementor-column elementor-col-50 elementor-top-column elementor-element elementor-element-7756df8\" data-id=\"7756df8\" data-element_type=\"column\" data-e-type=\"column\">\n\t\t\t<div class=\"elementor-widget-wrap elementor-element-populated\">\n\t\t\t\t\t\t<div class=\"elementor-element elementor-element-59018d9 elementor-widget elementor-widget-image\" data-id=\"59018d9\" data-element_type=\"widget\" data-e-type=\"widget\" data-widget_type=\"image.default\">\n\t\t\t\t<div class=\"elementor-widget-container\">\n\t\t\t\t\t\t\t\t\t\t\t\t<figure class=\"wp-caption\">\n\t\t\t\t\t\t\t\t\t\t\t<a href=\"https:\/\/www.youtube.com\/watch?v=gP_EeZGzgCY&#038;t=105s\" target=\"_blank\">\n\t\t\t\t\t\t\t<img loading=\"lazy\" decoding=\"async\" width=\"350\" height=\"196\" src=\"https:\/\/i0.wp.com\/ulmatlantique.fr\/wp-content\/uploads\/2022\/01\/Galerie-Video-Vol-du-26-10-2019-Mimizan-Biscarrosse.png?fit=350%2C196&amp;ssl=1\" class=\"attachment-large size-large wp-image-4557\" alt=\"\" srcset=\"https:\/\/i0.wp.com\/ulmatlantique.fr\/wp-content\/uploads\/2022\/01\/Galerie-Video-Vol-du-26-10-2019-Mimizan-Biscarrosse.png?w=350&amp;ssl=1 350w, https:\/\/i0.wp.com\/ulmatlantique.fr\/wp-content\/uploads\/2022\/01\/Galerie-Video-Vol-du-26-10-2019-Mimizan-Biscarrosse.png?resize=300%2C168&amp;ssl=1 300w\" sizes=\"(max-width: 350px) 100vw, 350px\" \/>\t\t\t\t\t\t\t\t<\/a>\n\t\t\t\t\t\t\t\t\t\t\t<figcaption class=\"widget-image-caption wp-caption-text\">Vol du 26-10-2019 - Mimizan Biscarrosse<\/figcaption>\n\t\t\t\t\t\t\t\t\t\t<\/figure>\n\t\t\t\t\t\t\t\t\t<\/div>\n\t\t\t\t<\/div>\n\t\t\t\t\t<\/div>\n\t\t<\/div>\n\t\t\t\t\t<\/div>\n\t\t<\/section>\n\t\t\t\t<section class=\"elementor-section elementor-top-section elementor-element elementor-element-a07e7c9 elementor-section-boxed elementor-section-height-default elementor-section-height-default wpr-particle-no wpr-jarallax-no wpr-parallax-no wpr-sticky-section-no wpr-equal-height-no\" data-id=\"a07e7c9\" data-element_type=\"section\" data-e-type=\"section\">\n\t\t\t\t\t\t<div class=\"elementor-container elementor-column-gap-default\">\n\t\t\t\t\t<div class=\"elementor-column elementor-col-50 elementor-top-column elementor-element elementor-element-386a59a\" data-id=\"386a59a\" data-element_type=\"column\" data-e-type=\"column\">\n\t\t\t<div class=\"elementor-widget-wrap elementor-element-populated\">\n\t\t\t\t\t\t<div class=\"elementor-element elementor-element-89a3fe2 elementor-widget elementor-widget-image\" data-id=\"89a3fe2\" data-element_type=\"widget\" data-e-type=\"widget\" data-widget_type=\"image.default\">\n\t\t\t\t<div class=\"elementor-widget-container\">\n\t\t\t\t\t\t\t\t\t\t\t\t<figure class=\"wp-caption\">\n\t\t\t\t\t\t\t\t\t\t\t<a href=\"https:\/\/www.youtube.com\/watch?v=nGGrVf4vd3I\" target=\"_blank\">\n\t\t\t\t\t\t\t<img loading=\"lazy\" decoding=\"async\" width=\"350\" height=\"196\" src=\"https:\/\/i0.wp.com\/ulmatlantique.fr\/wp-content\/uploads\/2022\/01\/Galerie-Video-Bapteme-de-Caroline-le-07-Juillet-2020-a-Mimizan.png?fit=350%2C196&amp;ssl=1\" class=\"attachment-large size-large wp-image-4558\" alt=\"\" srcset=\"https:\/\/i0.wp.com\/ulmatlantique.fr\/wp-content\/uploads\/2022\/01\/Galerie-Video-Bapteme-de-Caroline-le-07-Juillet-2020-a-Mimizan.png?w=350&amp;ssl=1 350w, https:\/\/i0.wp.com\/ulmatlantique.fr\/wp-content\/uploads\/2022\/01\/Galerie-Video-Bapteme-de-Caroline-le-07-Juillet-2020-a-Mimizan.png?resize=300%2C168&amp;ssl=1 300w\" sizes=\"(max-width: 350px) 100vw, 350px\" \/>\t\t\t\t\t\t\t\t<\/a>\n\t\t\t\t\t\t\t\t\t\t\t<figcaption class=\"widget-image-caption wp-caption-text\">Bapt\u00eame de Caroline le 07 Juillet 2020 \u00e0 Mimizan<\/figcaption>\n\t\t\t\t\t\t\t\t\t\t<\/figure>\n\t\t\t\t\t\t\t\t\t<\/div>\n\t\t\t\t<\/div>\n\t\t\t\t\t<\/div>\n\t\t<\/div>\n\t\t\t\t<div class=\"elementor-column elementor-col-50 elementor-top-column elementor-element elementor-element-418381e\" data-id=\"418381e\" data-element_type=\"column\" data-e-type=\"column\">\n\t\t\t<div class=\"elementor-widget-wrap elementor-element-populated\">\n\t\t\t\t\t\t<div class=\"elementor-element elementor-element-5f08fda elementor-widget elementor-widget-image\" data-id=\"5f08fda\" data-element_type=\"widget\" data-e-type=\"widget\" data-widget_type=\"image.default\">\n\t\t\t\t<div class=\"elementor-widget-container\">\n\t\t\t\t\t\t\t\t\t\t\t\t<figure class=\"wp-caption\">\n\t\t\t\t\t\t\t\t\t\t\t<a href=\"https:\/\/youtu.be\/qSnTnh1yhLc\" target=\"_blank\">\n\t\t\t\t\t\t\t<img loading=\"lazy\" decoding=\"async\" width=\"350\" height=\"196\" src=\"https:\/\/i0.wp.com\/ulmatlantique.fr\/wp-content\/uploads\/2022\/01\/Galerie-Video-Decouverte-de-Mimizan-et-de-la-Cote-pour-Chantal-le-14-Aout-2020.png?fit=350%2C196&amp;ssl=1\" class=\"attachment-large size-large wp-image-4559\" alt=\"\" srcset=\"https:\/\/i0.wp.com\/ulmatlantique.fr\/wp-content\/uploads\/2022\/01\/Galerie-Video-Decouverte-de-Mimizan-et-de-la-Cote-pour-Chantal-le-14-Aout-2020.png?w=350&amp;ssl=1 350w, https:\/\/i0.wp.com\/ulmatlantique.fr\/wp-content\/uploads\/2022\/01\/Galerie-Video-Decouverte-de-Mimizan-et-de-la-Cote-pour-Chantal-le-14-Aout-2020.png?resize=300%2C168&amp;ssl=1 300w\" sizes=\"(max-width: 350px) 100vw, 350px\" \/>\t\t\t\t\t\t\t\t<\/a>\n\t\t\t\t\t\t\t\t\t\t\t<figcaption class=\"widget-image-caption wp-caption-text\">D\u00e9couverte de Mimizan et de la C\u00f4te pour Chantal  le 14 Aout 2020<\/figcaption>\n\t\t\t\t\t\t\t\t\t\t<\/figure>\n\t\t\t\t\t\t\t\t\t<\/div>\n\t\t\t\t<\/div>\n\t\t\t\t\t<\/div>\n\t\t<\/div>\n\t\t\t\t\t<\/div>\n\t\t<\/section>\n\t\t\t\t<section class=\"elementor-section elementor-top-section elementor-element elementor-element-6a412af elementor-section-boxed elementor-section-height-default elementor-section-height-default wpr-particle-no wpr-jarallax-no wpr-parallax-no wpr-sticky-section-no wpr-equal-height-no\" data-id=\"6a412af\" data-element_type=\"section\" data-e-type=\"section\">\n\t\t\t\t\t\t<div class=\"elementor-container elementor-column-gap-default\">\n\t\t\t\t\t<div class=\"elementor-column elementor-col-50 elementor-top-column elementor-element elementor-element-5e808fb\" data-id=\"5e808fb\" data-element_type=\"column\" data-e-type=\"column\">\n\t\t\t<div class=\"elementor-widget-wrap elementor-element-populated\">\n\t\t\t\t\t\t<div class=\"elementor-element elementor-element-fc252ed elementor-widget elementor-widget-image\" data-id=\"fc252ed\" data-element_type=\"widget\" data-e-type=\"widget\" data-widget_type=\"image.default\">\n\t\t\t\t<div class=\"elementor-widget-container\">\n\t\t\t\t\t\t\t\t\t\t\t\t<figure class=\"wp-caption\">\n\t\t\t\t\t\t\t\t\t\t\t<a href=\"https:\/\/vimeo.com\/453745745\" target=\"_blank\">\n\t\t\t\t\t\t\t<img loading=\"lazy\" decoding=\"async\" width=\"350\" height=\"196\" src=\"https:\/\/i0.wp.com\/ulmatlantique.fr\/wp-content\/uploads\/2022\/01\/Galerie-Video-Des-souvenirs-uniques-pour-Davy-le-31-Aout-2020.png?fit=350%2C196&amp;ssl=1\" class=\"attachment-large size-large wp-image-4560\" alt=\"\" srcset=\"https:\/\/i0.wp.com\/ulmatlantique.fr\/wp-content\/uploads\/2022\/01\/Galerie-Video-Des-souvenirs-uniques-pour-Davy-le-31-Aout-2020.png?w=350&amp;ssl=1 350w, https:\/\/i0.wp.com\/ulmatlantique.fr\/wp-content\/uploads\/2022\/01\/Galerie-Video-Des-souvenirs-uniques-pour-Davy-le-31-Aout-2020.png?resize=300%2C168&amp;ssl=1 300w\" sizes=\"(max-width: 350px) 100vw, 350px\" \/>\t\t\t\t\t\t\t\t<\/a>\n\t\t\t\t\t\t\t\t\t\t\t<figcaption class=\"widget-image-caption wp-caption-text\">Des souvenirs uniques pour Davy le 31 Aout 2020<\/figcaption>\n\t\t\t\t\t\t\t\t\t\t<\/figure>\n\t\t\t\t\t\t\t\t\t<\/div>\n\t\t\t\t<\/div>\n\t\t\t\t\t<\/div>\n\t\t<\/div>\n\t\t\t\t<div class=\"elementor-column elementor-col-50 elementor-top-column elementor-element elementor-element-16a5704\" data-id=\"16a5704\" data-element_type=\"column\" data-e-type=\"column\">\n\t\t\t<div class=\"elementor-widget-wrap elementor-element-populated\">\n\t\t\t\t\t\t<div class=\"elementor-element elementor-element-0539859 elementor-widget elementor-widget-image\" data-id=\"0539859\" data-element_type=\"widget\" data-e-type=\"widget\" data-widget_type=\"image.default\">\n\t\t\t\t<div class=\"elementor-widget-container\">\n\t\t\t\t\t\t\t\t\t\t\t\t<figure class=\"wp-caption\">\n\t\t\t\t\t\t\t\t\t\t\t<a href=\"https:\/\/youtu.be\/Xi5e3-p2Aw4\" target=\"_blank\">\n\t\t\t\t\t\t\t<img loading=\"lazy\" decoding=\"async\" width=\"350\" height=\"197\" src=\"https:\/\/i0.wp.com\/ulmatlantique.fr\/wp-content\/uploads\/2022\/01\/Galerie-Video-Vol-Pendulaire-Nicolas-17-02-2021.png?fit=350%2C197&amp;ssl=1\" class=\"attachment-large size-large wp-image-4561\" alt=\"\" srcset=\"https:\/\/i0.wp.com\/ulmatlantique.fr\/wp-content\/uploads\/2022\/01\/Galerie-Video-Vol-Pendulaire-Nicolas-17-02-2021.png?w=350&amp;ssl=1 350w, https:\/\/i0.wp.com\/ulmatlantique.fr\/wp-content\/uploads\/2022\/01\/Galerie-Video-Vol-Pendulaire-Nicolas-17-02-2021.png?resize=300%2C169&amp;ssl=1 300w\" sizes=\"(max-width: 350px) 100vw, 350px\" \/>\t\t\t\t\t\t\t\t<\/a>\n\t\t\t\t\t\t\t\t\t\t\t<figcaption class=\"widget-image-caption wp-caption-text\">Vol Pendulaire Nicolas 17 02 2021<\/figcaption>\n\t\t\t\t\t\t\t\t\t\t<\/figure>\n\t\t\t\t\t\t\t\t\t<\/div>\n\t\t\t\t<\/div>\n\t\t\t\t\t<\/div>\n\t\t<\/div>\n\t\t\t\t\t<\/div>\n\t\t<\/section>\n\t\t\t\t<section class=\"elementor-section elementor-top-section elementor-element elementor-element-03cff88 elementor-section-boxed elementor-section-height-default elementor-section-height-default wpr-particle-no wpr-jarallax-no wpr-parallax-no wpr-sticky-section-no wpr-equal-height-no\" data-id=\"03cff88\" data-element_type=\"section\" data-e-type=\"section\">\n\t\t\t\t\t\t<div class=\"elementor-container elementor-column-gap-default\">\n\t\t\t\t\t<div class=\"elementor-column elementor-col-50 elementor-top-column elementor-element elementor-element-c3747ea\" data-id=\"c3747ea\" data-element_type=\"column\" data-e-type=\"column\">\n\t\t\t<div class=\"elementor-widget-wrap elementor-element-populated\">\n\t\t\t\t\t\t<div class=\"elementor-element elementor-element-1bafc15 elementor-widget elementor-widget-image\" data-id=\"1bafc15\" data-element_type=\"widget\" data-e-type=\"widget\" data-widget_type=\"image.default\">\n\t\t\t\t<div class=\"elementor-widget-container\">\n\t\t\t\t\t\t\t\t\t\t\t\t<figure class=\"wp-caption\">\n\t\t\t\t\t\t\t\t\t\t\t<a href=\"https:\/\/www.youtube.com\/watch?v=hkMG8b1JTEg&#038;t=94s\" target=\"_blank\">\n\t\t\t\t\t\t\t<img loading=\"lazy\" decoding=\"async\" width=\"350\" height=\"196\" src=\"https:\/\/i0.wp.com\/ulmatlantique.fr\/wp-content\/uploads\/2022\/01\/Galerie-Video-Vol-du-02-02-2020.png?fit=350%2C196&amp;ssl=1\" class=\"attachment-large size-large wp-image-4562\" alt=\"\" srcset=\"https:\/\/i0.wp.com\/ulmatlantique.fr\/wp-content\/uploads\/2022\/01\/Galerie-Video-Vol-du-02-02-2020.png?w=350&amp;ssl=1 350w, https:\/\/i0.wp.com\/ulmatlantique.fr\/wp-content\/uploads\/2022\/01\/Galerie-Video-Vol-du-02-02-2020.png?resize=300%2C168&amp;ssl=1 300w\" sizes=\"(max-width: 350px) 100vw, 350px\" \/>\t\t\t\t\t\t\t\t<\/a>\n\t\t\t\t\t\t\t\t\t\t\t<figcaption class=\"widget-image-caption wp-caption-text\">Vol du 02-02-2020<\/figcaption>\n\t\t\t\t\t\t\t\t\t\t<\/figure>\n\t\t\t\t\t\t\t\t\t<\/div>\n\t\t\t\t<\/div>\n\t\t\t\t\t<\/div>\n\t\t<\/div>\n\t\t\t\t<div class=\"elementor-column elementor-col-50 elementor-top-column elementor-element elementor-element-dd915aa\" data-id=\"dd915aa\" data-element_type=\"column\" data-e-type=\"column\">\n\t\t\t<div class=\"elementor-widget-wrap elementor-element-populated\">\n\t\t\t\t\t\t<div class=\"elementor-element elementor-element-5256988 elementor-widget elementor-widget-image\" data-id=\"5256988\" data-element_type=\"widget\" data-e-type=\"widget\" data-widget_type=\"image.default\">\n\t\t\t\t<div class=\"elementor-widget-container\">\n\t\t\t\t\t\t\t\t\t\t\t\t<figure class=\"wp-caption\">\n\t\t\t\t\t\t\t\t\t\t\t<a href=\"https:\/\/youtu.be\/3rwBLuIS0RM\" target=\"_blank\">\n\t\t\t\t\t\t\t<img loading=\"lazy\" decoding=\"async\" width=\"350\" height=\"196\" src=\"https:\/\/i0.wp.com\/ulmatlantique.fr\/wp-content\/uploads\/2022\/01\/Galerie-Video-Le-30-Mars-2021-Derniere-balade-a-Monpezat-en-Autogire.png?fit=350%2C196&amp;ssl=1\" class=\"attachment-large size-large wp-image-4563\" alt=\"\" srcset=\"https:\/\/i0.wp.com\/ulmatlantique.fr\/wp-content\/uploads\/2022\/01\/Galerie-Video-Le-30-Mars-2021-Derniere-balade-a-Monpezat-en-Autogire.png?w=350&amp;ssl=1 350w, https:\/\/i0.wp.com\/ulmatlantique.fr\/wp-content\/uploads\/2022\/01\/Galerie-Video-Le-30-Mars-2021-Derniere-balade-a-Monpezat-en-Autogire.png?resize=300%2C168&amp;ssl=1 300w\" sizes=\"(max-width: 350px) 100vw, 350px\" \/>\t\t\t\t\t\t\t\t<\/a>\n\t\t\t\t\t\t\t\t\t\t\t<figcaption class=\"widget-image-caption wp-caption-text\">Le 30 Mars 2021 - Derni\u00e8re balade \u00e0 Monpezat en Autogire<\/figcaption>\n\t\t\t\t\t\t\t\t\t\t<\/figure>\n\t\t\t\t\t\t\t\t\t<\/div>\n\t\t\t\t<\/div>\n\t\t\t\t\t<\/div>\n\t\t<\/div>\n\t\t\t\t\t<\/div>\n\t\t<\/section>\n\t\t\t\t<section class=\"elementor-section elementor-top-section elementor-element elementor-element-e78ca43 elementor-section-boxed elementor-section-height-default elementor-section-height-default wpr-particle-no wpr-jarallax-no wpr-parallax-no wpr-sticky-section-no wpr-equal-height-no\" data-id=\"e78ca43\" data-element_type=\"section\" data-e-type=\"section\">\n\t\t\t\t\t\t<div class=\"elementor-container elementor-column-gap-default\">\n\t\t\t\t\t<div class=\"elementor-column elementor-col-50 elementor-top-column elementor-element elementor-element-054f565\" data-id=\"054f565\" data-element_type=\"column\" data-e-type=\"column\">\n\t\t\t<div class=\"elementor-widget-wrap elementor-element-populated\">\n\t\t\t\t\t\t<div class=\"elementor-element elementor-element-bc03127 elementor-widget elementor-widget-image\" data-id=\"bc03127\" data-element_type=\"widget\" data-e-type=\"widget\" data-widget_type=\"image.default\">\n\t\t\t\t<div class=\"elementor-widget-container\">\n\t\t\t\t\t\t\t\t\t\t\t\t<figure class=\"wp-caption\">\n\t\t\t\t\t\t\t\t\t\t\t<a href=\"https:\/\/www.youtube.com\/watch?v=ShiooC9KIag&#038;t=432s\" target=\"_blank\">\n\t\t\t\t\t\t\t<img loading=\"lazy\" decoding=\"async\" width=\"350\" height=\"196\" src=\"https:\/\/i0.wp.com\/ulmatlantique.fr\/wp-content\/uploads\/2022\/01\/Galerie-Video-Vol-du-07-10-2019-avec-Fred.png?fit=350%2C196&amp;ssl=1\" class=\"attachment-large size-large wp-image-4564\" alt=\"\" srcset=\"https:\/\/i0.wp.com\/ulmatlantique.fr\/wp-content\/uploads\/2022\/01\/Galerie-Video-Vol-du-07-10-2019-avec-Fred.png?w=350&amp;ssl=1 350w, https:\/\/i0.wp.com\/ulmatlantique.fr\/wp-content\/uploads\/2022\/01\/Galerie-Video-Vol-du-07-10-2019-avec-Fred.png?resize=300%2C168&amp;ssl=1 300w\" sizes=\"(max-width: 350px) 100vw, 350px\" \/>\t\t\t\t\t\t\t\t<\/a>\n\t\t\t\t\t\t\t\t\t\t\t<figcaption class=\"widget-image-caption wp-caption-text\">Vol du 07-10-2019 avec Fred<\/figcaption>\n\t\t\t\t\t\t\t\t\t\t<\/figure>\n\t\t\t\t\t\t\t\t\t<\/div>\n\t\t\t\t<\/div>\n\t\t\t\t\t<\/div>\n\t\t<\/div>\n\t\t\t\t<div class=\"elementor-column elementor-col-50 elementor-top-column elementor-element elementor-element-1c6175f\" data-id=\"1c6175f\" data-element_type=\"column\" data-e-type=\"column\">\n\t\t\t<div class=\"elementor-widget-wrap elementor-element-populated\">\n\t\t\t\t\t\t<div class=\"elementor-element elementor-element-1b7c349 elementor-widget elementor-widget-image\" data-id=\"1b7c349\" data-element_type=\"widget\" data-e-type=\"widget\" data-widget_type=\"image.default\">\n\t\t\t\t<div class=\"elementor-widget-container\">\n\t\t\t\t\t\t\t\t\t\t\t\t<figure class=\"wp-caption\">\n\t\t\t\t\t\t\t\t\t\t\t<a href=\"https:\/\/vimeo.com\/366681817\" target=\"_blank\">\n\t\t\t\t\t\t\t<img loading=\"lazy\" decoding=\"async\" width=\"350\" height=\"196\" src=\"https:\/\/i0.wp.com\/ulmatlantique.fr\/wp-content\/uploads\/2022\/01\/Galerie-Video-Vol-du-12-10-2019.png?fit=350%2C196&amp;ssl=1\" class=\"attachment-large size-large wp-image-4565\" alt=\"\" srcset=\"https:\/\/i0.wp.com\/ulmatlantique.fr\/wp-content\/uploads\/2022\/01\/Galerie-Video-Vol-du-12-10-2019.png?w=350&amp;ssl=1 350w, https:\/\/i0.wp.com\/ulmatlantique.fr\/wp-content\/uploads\/2022\/01\/Galerie-Video-Vol-du-12-10-2019.png?resize=300%2C168&amp;ssl=1 300w\" sizes=\"(max-width: 350px) 100vw, 350px\" \/>\t\t\t\t\t\t\t\t<\/a>\n\t\t\t\t\t\t\t\t\t\t\t<figcaption class=\"widget-image-caption wp-caption-text\">Vol du 12-10-2019<\/figcaption>\n\t\t\t\t\t\t\t\t\t\t<\/figure>\n\t\t\t\t\t\t\t\t\t<\/div>\n\t\t\t\t<\/div>\n\t\t\t\t\t<\/div>\n\t\t<\/div>\n\t\t\t\t\t<\/div>\n\t\t<\/section>\n\t\t\t\t<section class=\"elementor-section elementor-top-section elementor-element elementor-element-5e909a2 elementor-section-boxed elementor-section-height-default elementor-section-height-default wpr-particle-no wpr-jarallax-no wpr-parallax-no wpr-sticky-section-no wpr-equal-height-no\" data-id=\"5e909a2\" data-element_type=\"section\" data-e-type=\"section\">\n\t\t\t\t\t\t<div class=\"elementor-container elementor-column-gap-default\">\n\t\t\t\t\t<div class=\"elementor-column elementor-col-50 elementor-top-column elementor-element elementor-element-fb61ba1\" data-id=\"fb61ba1\" data-element_type=\"column\" data-e-type=\"column\">\n\t\t\t<div class=\"elementor-widget-wrap elementor-element-populated\">\n\t\t\t\t\t\t<div class=\"elementor-element elementor-element-cb36d4c elementor-widget elementor-widget-image\" data-id=\"cb36d4c\" data-element_type=\"widget\" data-e-type=\"widget\" data-widget_type=\"image.default\">\n\t\t\t\t<div class=\"elementor-widget-container\">\n\t\t\t\t\t\t\t\t\t\t\t\t<figure class=\"wp-caption\">\n\t\t\t\t\t\t\t\t\t\t\t<a href=\"https:\/\/youtu.be\/12OdW8g2WD0\" target=\"_blank\">\n\t\t\t\t\t\t\t<img loading=\"lazy\" decoding=\"async\" width=\"350\" height=\"197\" src=\"https:\/\/i0.wp.com\/ulmatlantique.fr\/wp-content\/uploads\/2022\/01\/Galerie-Video-Le-18-10-2021-Une-belle-balade-pour-Camille-en-fin-de-journee.png?fit=350%2C197&amp;ssl=1\" class=\"attachment-large size-large wp-image-4577\" alt=\"\" srcset=\"https:\/\/i0.wp.com\/ulmatlantique.fr\/wp-content\/uploads\/2022\/01\/Galerie-Video-Le-18-10-2021-Une-belle-balade-pour-Camille-en-fin-de-journee.png?w=350&amp;ssl=1 350w, https:\/\/i0.wp.com\/ulmatlantique.fr\/wp-content\/uploads\/2022\/01\/Galerie-Video-Le-18-10-2021-Une-belle-balade-pour-Camille-en-fin-de-journee.png?resize=300%2C169&amp;ssl=1 300w\" sizes=\"(max-width: 350px) 100vw, 350px\" \/>\t\t\t\t\t\t\t\t<\/a>\n\t\t\t\t\t\t\t\t\t\t\t<figcaption class=\"widget-image-caption wp-caption-text\">Le 18-10-2021 - Une belle balade pour Camille en fin de journ\u00e9e<\/figcaption>\n\t\t\t\t\t\t\t\t\t\t<\/figure>\n\t\t\t\t\t\t\t\t\t<\/div>\n\t\t\t\t<\/div>\n\t\t\t\t\t<\/div>\n\t\t<\/div>\n\t\t\t\t<div class=\"elementor-column elementor-col-50 elementor-top-column elementor-element elementor-element-3351a32\" data-id=\"3351a32\" data-element_type=\"column\" data-e-type=\"column\">\n\t\t\t<div class=\"elementor-widget-wrap elementor-element-populated\">\n\t\t\t\t\t\t<div class=\"elementor-element elementor-element-6ab7f5a elementor-widget elementor-widget-image\" data-id=\"6ab7f5a\" data-element_type=\"widget\" data-e-type=\"widget\" data-widget_type=\"image.default\">\n\t\t\t\t<div class=\"elementor-widget-container\">\n\t\t\t\t\t\t\t\t\t\t\t\t<figure class=\"wp-caption\">\n\t\t\t\t\t\t\t\t\t\t\t<a href=\"https:\/\/www.youtube.com\/watch?v=xr7UcsQwFNI&#038;t=32s\" target=\"_blank\">\n\t\t\t\t\t\t\t<img loading=\"lazy\" decoding=\"async\" width=\"350\" height=\"196\" src=\"https:\/\/i0.wp.com\/ulmatlantique.fr\/wp-content\/uploads\/2022\/01\/Galerie-Video-Vol-du-14-10-2019.png?fit=350%2C196&amp;ssl=1\" class=\"attachment-medium_large size-medium_large wp-image-4567\" alt=\"\" srcset=\"https:\/\/i0.wp.com\/ulmatlantique.fr\/wp-content\/uploads\/2022\/01\/Galerie-Video-Vol-du-14-10-2019.png?w=350&amp;ssl=1 350w, https:\/\/i0.wp.com\/ulmatlantique.fr\/wp-content\/uploads\/2022\/01\/Galerie-Video-Vol-du-14-10-2019.png?resize=300%2C168&amp;ssl=1 300w\" sizes=\"(max-width: 350px) 100vw, 350px\" \/>\t\t\t\t\t\t\t\t<\/a>\n\t\t\t\t\t\t\t\t\t\t\t<figcaption class=\"widget-image-caption wp-caption-text\">Vol du 14-10-2019<\/figcaption>\n\t\t\t\t\t\t\t\t\t\t<\/figure>\n\t\t\t\t\t\t\t\t\t<\/div>\n\t\t\t\t<\/div>\n\t\t\t\t\t<\/div>\n\t\t<\/div>\n\t\t\t\t\t<\/div>\n\t\t<\/section>\n\t\t\t\t<section class=\"elementor-section elementor-top-section elementor-element elementor-element-a879014 elementor-section-boxed elementor-section-height-default elementor-section-height-default wpr-particle-no wpr-jarallax-no wpr-parallax-no wpr-sticky-section-no wpr-equal-height-no\" data-id=\"a879014\" data-element_type=\"section\" data-e-type=\"section\">\n\t\t\t\t\t\t<div class=\"elementor-container elementor-column-gap-default\">\n\t\t\t\t\t<div class=\"elementor-column elementor-col-50 elementor-top-column elementor-element elementor-element-fc3580e\" data-id=\"fc3580e\" data-element_type=\"column\" data-e-type=\"column\">\n\t\t\t<div class=\"elementor-widget-wrap elementor-element-populated\">\n\t\t\t\t\t\t<div class=\"elementor-element elementor-element-490bf6a elementor-widget elementor-widget-image\" data-id=\"490bf6a\" data-element_type=\"widget\" data-e-type=\"widget\" data-widget_type=\"image.default\">\n\t\t\t\t<div class=\"elementor-widget-container\">\n\t\t\t\t\t\t\t\t\t\t\t\t<figure class=\"wp-caption\">\n\t\t\t\t\t\t\t\t\t\t\t<a href=\"https:\/\/www.youtube.com\/watch?v=HJql5Nuk88g&#038;t=218s\" target=\"_blank\">\n\t\t\t\t\t\t\t<img loading=\"lazy\" decoding=\"async\" width=\"350\" height=\"196\" src=\"https:\/\/i0.wp.com\/ulmatlantique.fr\/wp-content\/uploads\/2022\/01\/Galerie-Video-Vol-du-29-10-2019-St-Julien-Contis.png?fit=350%2C196&amp;ssl=1\" class=\"attachment-large size-large wp-image-4570\" alt=\"\" srcset=\"https:\/\/i0.wp.com\/ulmatlantique.fr\/wp-content\/uploads\/2022\/01\/Galerie-Video-Vol-du-29-10-2019-St-Julien-Contis.png?w=350&amp;ssl=1 350w, https:\/\/i0.wp.com\/ulmatlantique.fr\/wp-content\/uploads\/2022\/01\/Galerie-Video-Vol-du-29-10-2019-St-Julien-Contis.png?resize=300%2C168&amp;ssl=1 300w\" sizes=\"(max-width: 350px) 100vw, 350px\" \/>\t\t\t\t\t\t\t\t<\/a>\n\t\t\t\t\t\t\t\t\t\t\t<figcaption class=\"widget-image-caption wp-caption-text\">Vol du 29-10-2019 - St Julien - Contis<\/figcaption>\n\t\t\t\t\t\t\t\t\t\t<\/figure>\n\t\t\t\t\t\t\t\t\t<\/div>\n\t\t\t\t<\/div>\n\t\t\t\t\t<\/div>\n\t\t<\/div>\n\t\t\t\t<div class=\"elementor-column elementor-col-50 elementor-top-column elementor-element elementor-element-fb5d939\" data-id=\"fb5d939\" data-element_type=\"column\" data-e-type=\"column\">\n\t\t\t<div class=\"elementor-widget-wrap elementor-element-populated\">\n\t\t\t\t\t\t<div class=\"elementor-element elementor-element-90869fd elementor-widget elementor-widget-image\" data-id=\"90869fd\" data-element_type=\"widget\" data-e-type=\"widget\" data-widget_type=\"image.default\">\n\t\t\t\t<div class=\"elementor-widget-container\">\n\t\t\t\t\t\t\t\t\t\t\t\t<figure class=\"wp-caption\">\n\t\t\t\t\t\t\t\t\t\t\t<a href=\"https:\/\/www.youtube.com\/watch?v=DkJQwvYOmLE&#038;t=235s\" target=\"_blank\">\n\t\t\t\t\t\t\t<img loading=\"lazy\" decoding=\"async\" width=\"350\" height=\"198\" src=\"https:\/\/i0.wp.com\/ulmatlantique.fr\/wp-content\/uploads\/2022\/01\/Galerie-Video-Vol-du-soir-Le-28-05-2020.png?fit=350%2C198&amp;ssl=1\" class=\"attachment-large size-large wp-image-4569\" alt=\"\" srcset=\"https:\/\/i0.wp.com\/ulmatlantique.fr\/wp-content\/uploads\/2022\/01\/Galerie-Video-Vol-du-soir-Le-28-05-2020.png?w=350&amp;ssl=1 350w, https:\/\/i0.wp.com\/ulmatlantique.fr\/wp-content\/uploads\/2022\/01\/Galerie-Video-Vol-du-soir-Le-28-05-2020.png?resize=300%2C170&amp;ssl=1 300w\" sizes=\"(max-width: 350px) 100vw, 350px\" \/>\t\t\t\t\t\t\t\t<\/a>\n\t\t\t\t\t\t\t\t\t\t\t<figcaption class=\"widget-image-caption wp-caption-text\">Vol du soir Le 28-05-2020<\/figcaption>\n\t\t\t\t\t\t\t\t\t\t<\/figure>\n\t\t\t\t\t\t\t\t\t<\/div>\n\t\t\t\t<\/div>\n\t\t\t\t\t<\/div>\n\t\t<\/div>\n\t\t\t\t\t<\/div>\n\t\t<\/section>\n\t\t\t\t<section class=\"elementor-section elementor-top-section elementor-element elementor-element-0010212 elementor-section-boxed elementor-section-height-default elementor-section-height-default wpr-particle-no wpr-jarallax-no wpr-parallax-no wpr-sticky-section-no wpr-equal-height-no\" data-id=\"0010212\" data-element_type=\"section\" data-e-type=\"section\">\n\t\t\t\t\t\t<div class=\"elementor-container elementor-column-gap-default\">\n\t\t\t\t\t<div class=\"elementor-column elementor-col-50 elementor-top-column elementor-element elementor-element-9bd33f0\" data-id=\"9bd33f0\" data-element_type=\"column\" data-e-type=\"column\">\n\t\t\t<div class=\"elementor-widget-wrap elementor-element-populated\">\n\t\t\t\t\t\t<div class=\"elementor-element elementor-element-3707ed8 elementor-widget elementor-widget-image\" data-id=\"3707ed8\" data-element_type=\"widget\" data-e-type=\"widget\" data-widget_type=\"image.default\">\n\t\t\t\t<div class=\"elementor-widget-container\">\n\t\t\t\t\t\t\t\t\t\t\t\t<figure class=\"wp-caption\">\n\t\t\t\t\t\t\t\t\t\t\t<a href=\"https:\/\/youtu.be\/59gH2VJXTk4\" target=\"_blank\">\n\t\t\t\t\t\t\t<img loading=\"lazy\" decoding=\"async\" width=\"350\" height=\"197\" src=\"https:\/\/i0.wp.com\/ulmatlantique.fr\/wp-content\/uploads\/2022\/01\/Galerie-Video-Mimizan-la-Cote-et-les-Cumulus-Landais-pour-Jean-Charles-le-14-Aout-2020.png?fit=350%2C197&amp;ssl=1\" class=\"attachment-large size-large wp-image-4571\" alt=\"\" srcset=\"https:\/\/i0.wp.com\/ulmatlantique.fr\/wp-content\/uploads\/2022\/01\/Galerie-Video-Mimizan-la-Cote-et-les-Cumulus-Landais-pour-Jean-Charles-le-14-Aout-2020.png?w=350&amp;ssl=1 350w, https:\/\/i0.wp.com\/ulmatlantique.fr\/wp-content\/uploads\/2022\/01\/Galerie-Video-Mimizan-la-Cote-et-les-Cumulus-Landais-pour-Jean-Charles-le-14-Aout-2020.png?resize=300%2C169&amp;ssl=1 300w\" sizes=\"(max-width: 350px) 100vw, 350px\" \/>\t\t\t\t\t\t\t\t<\/a>\n\t\t\t\t\t\t\t\t\t\t\t<figcaption class=\"widget-image-caption wp-caption-text\">Mimizan - la C\u00f4te et les Cumulus Landais pour Jean-Charles  le 14 Aout 2020<\/figcaption>\n\t\t\t\t\t\t\t\t\t\t<\/figure>\n\t\t\t\t\t\t\t\t\t<\/div>\n\t\t\t\t<\/div>\n\t\t\t\t\t<\/div>\n\t\t<\/div>\n\t\t\t\t<div class=\"elementor-column elementor-col-50 elementor-top-column elementor-element elementor-element-bc728c4\" data-id=\"bc728c4\" data-element_type=\"column\" data-e-type=\"column\">\n\t\t\t<div class=\"elementor-widget-wrap elementor-element-populated\">\n\t\t\t\t\t\t<div class=\"elementor-element elementor-element-a6c9a54 elementor-widget elementor-widget-image\" data-id=\"a6c9a54\" data-element_type=\"widget\" data-e-type=\"widget\" data-widget_type=\"image.default\">\n\t\t\t\t<div class=\"elementor-widget-container\">\n\t\t\t\t\t\t\t\t\t\t\t\t<figure class=\"wp-caption\">\n\t\t\t\t\t\t\t\t\t\t\t<a href=\"https:\/\/www.youtube.com\/watch?v=hjghcQiSzHY&#038;t=396s\" target=\"_blank\">\n\t\t\t\t\t\t\t<img loading=\"lazy\" decoding=\"async\" width=\"350\" height=\"196\" src=\"https:\/\/i0.wp.com\/ulmatlantique.fr\/wp-content\/uploads\/2022\/01\/Galerie-Video-Le-20-11-2019-Tour-de-Piste.png?fit=350%2C196&amp;ssl=1\" class=\"attachment-large size-large wp-image-4572\" alt=\"\" srcset=\"https:\/\/i0.wp.com\/ulmatlantique.fr\/wp-content\/uploads\/2022\/01\/Galerie-Video-Le-20-11-2019-Tour-de-Piste.png?w=350&amp;ssl=1 350w, https:\/\/i0.wp.com\/ulmatlantique.fr\/wp-content\/uploads\/2022\/01\/Galerie-Video-Le-20-11-2019-Tour-de-Piste.png?resize=300%2C168&amp;ssl=1 300w\" sizes=\"(max-width: 350px) 100vw, 350px\" \/>\t\t\t\t\t\t\t\t<\/a>\n\t\t\t\t\t\t\t\t\t\t\t<figcaption class=\"widget-image-caption wp-caption-text\">Le 20-11-2019 - Tour de Piste<\/figcaption>\n\t\t\t\t\t\t\t\t\t\t<\/figure>\n\t\t\t\t\t\t\t\t\t<\/div>\n\t\t\t\t<\/div>\n\t\t\t\t\t<\/div>\n\t\t<\/div>\n\t\t\t\t\t<\/div>\n\t\t<\/section>\n\t\t\t\t<section class=\"elementor-section elementor-top-section elementor-element elementor-element-59fcc3f elementor-section-boxed elementor-section-height-default elementor-section-height-default wpr-particle-no wpr-jarallax-no wpr-parallax-no wpr-sticky-section-no wpr-equal-height-no\" data-id=\"59fcc3f\" data-element_type=\"section\" data-e-type=\"section\">\n\t\t\t\t\t\t<div class=\"elementor-container elementor-column-gap-default\">\n\t\t\t\t\t<div class=\"elementor-column elementor-col-50 elementor-top-column elementor-element elementor-element-daa83f4\" data-id=\"daa83f4\" data-element_type=\"column\" data-e-type=\"column\">\n\t\t\t<div class=\"elementor-widget-wrap elementor-element-populated\">\n\t\t\t\t\t\t<div class=\"elementor-element elementor-element-c87c433 elementor-widget elementor-widget-image\" data-id=\"c87c433\" data-element_type=\"widget\" data-e-type=\"widget\" data-widget_type=\"image.default\">\n\t\t\t\t<div class=\"elementor-widget-container\">\n\t\t\t\t\t\t\t\t\t\t\t\t<figure class=\"wp-caption\">\n\t\t\t\t\t\t\t\t\t\t\t<a href=\"https:\/\/vimeo.com\/448355294\" target=\"_blank\">\n\t\t\t\t\t\t\t<img loading=\"lazy\" decoding=\"async\" width=\"350\" height=\"197\" src=\"https:\/\/i0.wp.com\/ulmatlantique.fr\/wp-content\/uploads\/2022\/01\/Galerie-Video-Bapteme-de-Sophie-le-14-Aout-a-Mimizan.png?fit=350%2C197&amp;ssl=1\" class=\"attachment-large size-large wp-image-4573\" alt=\"\" srcset=\"https:\/\/i0.wp.com\/ulmatlantique.fr\/wp-content\/uploads\/2022\/01\/Galerie-Video-Bapteme-de-Sophie-le-14-Aout-a-Mimizan.png?w=350&amp;ssl=1 350w, https:\/\/i0.wp.com\/ulmatlantique.fr\/wp-content\/uploads\/2022\/01\/Galerie-Video-Bapteme-de-Sophie-le-14-Aout-a-Mimizan.png?resize=300%2C169&amp;ssl=1 300w\" sizes=\"(max-width: 350px) 100vw, 350px\" \/>\t\t\t\t\t\t\t\t<\/a>\n\t\t\t\t\t\t\t\t\t\t\t<figcaption class=\"widget-image-caption wp-caption-text\">Bapt\u00eame de Sophie le 14 Aout \u00e0 Mimizan<\/figcaption>\n\t\t\t\t\t\t\t\t\t\t<\/figure>\n\t\t\t\t\t\t\t\t\t<\/div>\n\t\t\t\t<\/div>\n\t\t\t\t\t<\/div>\n\t\t<\/div>\n\t\t\t\t<div class=\"elementor-column elementor-col-50 elementor-top-column elementor-element elementor-element-f2ef7ee\" data-id=\"f2ef7ee\" data-element_type=\"column\" data-e-type=\"column\">\n\t\t\t<div class=\"elementor-widget-wrap elementor-element-populated\">\n\t\t\t\t\t\t<div class=\"elementor-element elementor-element-e49187f elementor-widget elementor-widget-image\" data-id=\"e49187f\" data-element_type=\"widget\" data-e-type=\"widget\" data-widget_type=\"image.default\">\n\t\t\t\t<div class=\"elementor-widget-container\">\n\t\t\t\t\t\t\t\t\t\t\t\t<figure class=\"wp-caption\">\n\t\t\t\t\t\t\t\t\t\t\t<a href=\"https:\/\/vimeo.com\/448325754\" target=\"_blank\">\n\t\t\t\t\t\t\t<img loading=\"lazy\" decoding=\"async\" width=\"350\" height=\"196\" src=\"https:\/\/i0.wp.com\/ulmatlantique.fr\/wp-content\/uploads\/2022\/01\/Galerie-Video-Bapteme-de-Marya-le-14-Aout-a-Mimizan.png?fit=350%2C196&amp;ssl=1\" class=\"attachment-large size-large wp-image-4574\" alt=\"\" srcset=\"https:\/\/i0.wp.com\/ulmatlantique.fr\/wp-content\/uploads\/2022\/01\/Galerie-Video-Bapteme-de-Marya-le-14-Aout-a-Mimizan.png?w=350&amp;ssl=1 350w, https:\/\/i0.wp.com\/ulmatlantique.fr\/wp-content\/uploads\/2022\/01\/Galerie-Video-Bapteme-de-Marya-le-14-Aout-a-Mimizan.png?resize=300%2C168&amp;ssl=1 300w\" sizes=\"(max-width: 350px) 100vw, 350px\" \/>\t\t\t\t\t\t\t\t<\/a>\n\t\t\t\t\t\t\t\t\t\t\t<figcaption class=\"widget-image-caption wp-caption-text\">Bapt\u00eame de Marya le 14 Aout \u00e0 Mimizan<\/figcaption>\n\t\t\t\t\t\t\t\t\t\t<\/figure>\n\t\t\t\t\t\t\t\t\t<\/div>\n\t\t\t\t<\/div>\n\t\t\t\t\t<\/div>\n\t\t<\/div>\n\t\t\t\t\t<\/div>\n\t\t<\/section>\n\t\t\t\t<section class=\"elementor-section elementor-top-section elementor-element elementor-element-bcea92f elementor-section-boxed elementor-section-height-default elementor-section-height-default wpr-particle-no wpr-jarallax-no wpr-parallax-no wpr-sticky-section-no wpr-equal-height-no\" data-id=\"bcea92f\" data-element_type=\"section\" data-e-type=\"section\">\n\t\t\t\t\t\t<div class=\"elementor-container elementor-column-gap-default\">\n\t\t\t\t\t<div class=\"elementor-column elementor-col-50 elementor-top-column elementor-element elementor-element-0efaa70\" data-id=\"0efaa70\" data-element_type=\"column\" data-e-type=\"column\">\n\t\t\t<div class=\"elementor-widget-wrap elementor-element-populated\">\n\t\t\t\t\t\t<div class=\"elementor-element elementor-element-bc3f48b elementor-widget elementor-widget-image\" data-id=\"bc3f48b\" data-element_type=\"widget\" data-e-type=\"widget\" data-widget_type=\"image.default\">\n\t\t\t\t<div class=\"elementor-widget-container\">\n\t\t\t\t\t\t\t\t\t\t\t\t<figure class=\"wp-caption\">\n\t\t\t\t\t\t\t\t\t\t\t<a href=\"https:\/\/youtu.be\/9PKjXuFWuqY\" target=\"_blank\">\n\t\t\t\t\t\t\t<img loading=\"lazy\" decoding=\"async\" width=\"350\" height=\"196\" src=\"https:\/\/i0.wp.com\/ulmatlantique.fr\/wp-content\/uploads\/2022\/01\/Galerie-Video-Le-25-Mars-2021-Belle-journee-pour-obtenir-le-brevet-Autogire.png?fit=350%2C196&amp;ssl=1\" class=\"attachment-large size-large wp-image-4575\" alt=\"\" srcset=\"https:\/\/i0.wp.com\/ulmatlantique.fr\/wp-content\/uploads\/2022\/01\/Galerie-Video-Le-25-Mars-2021-Belle-journee-pour-obtenir-le-brevet-Autogire.png?w=350&amp;ssl=1 350w, https:\/\/i0.wp.com\/ulmatlantique.fr\/wp-content\/uploads\/2022\/01\/Galerie-Video-Le-25-Mars-2021-Belle-journee-pour-obtenir-le-brevet-Autogire.png?resize=300%2C168&amp;ssl=1 300w\" sizes=\"(max-width: 350px) 100vw, 350px\" \/>\t\t\t\t\t\t\t\t<\/a>\n\t\t\t\t\t\t\t\t\t\t\t<figcaption class=\"widget-image-caption wp-caption-text\">Le 25 Mars 2021 - Belle journ\u00e9e pour obtenir le brevet Autogire<\/figcaption>\n\t\t\t\t\t\t\t\t\t\t<\/figure>\n\t\t\t\t\t\t\t\t\t<\/div>\n\t\t\t\t<\/div>\n\t\t\t\t\t<\/div>\n\t\t<\/div>\n\t\t\t\t<div class=\"elementor-column elementor-col-50 elementor-top-column elementor-element elementor-element-ae277a3\" data-id=\"ae277a3\" data-element_type=\"column\" data-e-type=\"column\">\n\t\t\t<div class=\"elementor-widget-wrap elementor-element-populated\">\n\t\t\t\t\t\t<div class=\"elementor-element elementor-element-9b1495b elementor-widget elementor-widget-image\" data-id=\"9b1495b\" data-element_type=\"widget\" data-e-type=\"widget\" data-widget_type=\"image.default\">\n\t\t\t\t<div class=\"elementor-widget-container\">\n\t\t\t\t\t\t\t\t\t\t\t\t<figure class=\"wp-caption\">\n\t\t\t\t\t\t\t\t\t\t\t<a href=\"https:\/\/www.youtube.com\/watch?v=sNPQ2QKMOfc\" target=\"_blank\">\n\t\t\t\t\t\t\t<img loading=\"lazy\" decoding=\"async\" width=\"350\" height=\"197\" src=\"https:\/\/i0.wp.com\/ulmatlantique.fr\/wp-content\/uploads\/2022\/01\/Galerie-Video-Le-26-08-2020-Vol-sur-la-plage-avec-Nicolas.png?fit=350%2C197&amp;ssl=1\" class=\"attachment-large size-large wp-image-4576\" alt=\"\" srcset=\"https:\/\/i0.wp.com\/ulmatlantique.fr\/wp-content\/uploads\/2022\/01\/Galerie-Video-Le-26-08-2020-Vol-sur-la-plage-avec-Nicolas.png?w=350&amp;ssl=1 350w, https:\/\/i0.wp.com\/ulmatlantique.fr\/wp-content\/uploads\/2022\/01\/Galerie-Video-Le-26-08-2020-Vol-sur-la-plage-avec-Nicolas.png?resize=300%2C169&amp;ssl=1 300w\" sizes=\"(max-width: 350px) 100vw, 350px\" \/>\t\t\t\t\t\t\t\t<\/a>\n\t\t\t\t\t\t\t\t\t\t\t<figcaption class=\"widget-image-caption wp-caption-text\">Le 26-08-2020 - Vol sur la plage avec Nicolas<\/figcaption>\n\t\t\t\t\t\t\t\t\t\t<\/figure>\n\t\t\t\t\t\t\t\t\t<\/div>\n\t\t\t\t<\/div>\n\t\t\t\t\t<\/div>\n\t\t<\/div>\n\t\t\t\t\t<\/div>\n\t\t<\/section>\n\t\t\t\t<section class=\"elementor-section elementor-top-section elementor-element elementor-element-9bf7916 elementor-section-boxed elementor-section-height-default elementor-section-height-default wpr-particle-no wpr-jarallax-no wpr-parallax-no wpr-sticky-section-no wpr-equal-height-no\" data-id=\"9bf7916\" data-element_type=\"section\" data-e-type=\"section\">\n\t\t\t\t\t\t<div class=\"elementor-container elementor-column-gap-default\">\n\t\t\t\t\t<div class=\"elementor-column elementor-col-50 elementor-top-column elementor-element elementor-element-d03c067\" data-id=\"d03c067\" data-element_type=\"column\" data-e-type=\"column\">\n\t\t\t<div class=\"elementor-widget-wrap elementor-element-populated\">\n\t\t\t\t\t\t<div class=\"elementor-element elementor-element-e2029ec elementor-widget elementor-widget-image\" data-id=\"e2029ec\" data-element_type=\"widget\" data-e-type=\"widget\" data-widget_type=\"image.default\">\n\t\t\t\t<div class=\"elementor-widget-container\">\n\t\t\t\t\t\t\t\t\t\t\t\t<figure class=\"wp-caption\">\n\t\t\t\t\t\t\t\t\t\t\t<a href=\"https:\/\/www.youtube.com\/watch?v=mL0HijNVkmU&#038;t=11s\" target=\"_blank\">\n\t\t\t\t\t\t\t<img loading=\"lazy\" decoding=\"async\" width=\"350\" height=\"200\" src=\"https:\/\/i0.wp.com\/ulmatlantique.fr\/wp-content\/uploads\/2022\/01\/Galerie-Video-Vol-du-soir-Le-28-05-2020-360%C2%B0.png?fit=350%2C200&amp;ssl=1\" class=\"attachment-large size-large wp-image-4568\" alt=\"\" \/>\t\t\t\t\t\t\t\t<\/a>\n\t\t\t\t\t\t\t\t\t\t\t<figcaption class=\"widget-image-caption wp-caption-text\">Vol du soir Le 28 05 2020 - 360\u00b0<\/figcaption>\n\t\t\t\t\t\t\t\t\t\t<\/figure>\n\t\t\t\t\t\t\t\t\t<\/div>\n\t\t\t\t<\/div>\n\t\t\t\t\t<\/div>\n\t\t<\/div>\n\t\t\t\t<div class=\"elementor-column elementor-col-50 elementor-top-column elementor-element elementor-element-81bfe19\" data-id=\"81bfe19\" data-element_type=\"column\" data-e-type=\"column\">\n\t\t\t<div class=\"elementor-widget-wrap\">\n\t\t\t\t\t\t\t<\/div>\n\t\t<\/div>\n\t\t\t\t\t<\/div>\n\t\t<\/section>\n\t\t\t\t<section class=\"elementor-section elementor-top-section elementor-element elementor-element-ff73040 elementor-section-boxed elementor-section-height-default elementor-section-height-default wpr-particle-no wpr-jarallax-no wpr-parallax-no wpr-sticky-section-no wpr-equal-height-no\" data-id=\"ff73040\" data-element_type=\"section\" data-e-type=\"section\">\n\t\t\t\t\t\t<div class=\"elementor-container elementor-column-gap-default\">\n\t\t\t\t\t<div class=\"elementor-column elementor-col-50 elementor-top-column elementor-element elementor-element-a29db64\" data-id=\"a29db64\" data-element_type=\"column\" data-e-type=\"column\">\n\t\t\t<div class=\"elementor-widget-wrap\">\n\t\t\t\t\t\t\t<\/div>\n\t\t<\/div>\n\t\t\t\t<div class=\"elementor-column elementor-col-50 elementor-top-column elementor-element elementor-element-0b9224a\" data-id=\"0b9224a\" data-element_type=\"column\" data-e-type=\"column\">\n\t\t\t<div class=\"elementor-widget-wrap\">\n\t\t\t\t\t\t\t<\/div>\n\t\t<\/div>\n\t\t\t\t\t<\/div>\n\t\t<\/section>\n\t\t\t\t<section class=\"elementor-section elementor-top-section elementor-element elementor-element-ed17c11 elementor-section-boxed elementor-section-height-default elementor-section-height-default wpr-particle-no wpr-jarallax-no wpr-parallax-no wpr-sticky-section-no wpr-equal-height-no\" data-id=\"ed17c11\" data-element_type=\"section\" data-e-type=\"section\">\n\t\t\t\t\t\t<div class=\"elementor-container elementor-column-gap-default\">\n\t\t\t\t\t<div class=\"elementor-column elementor-col-100 elementor-top-column elementor-element elementor-element-f04240f\" data-id=\"f04240f\" data-element_type=\"column\" data-e-type=\"column\">\n\t\t\t<div class=\"elementor-widget-wrap elementor-element-populated\">\n\t\t\t\t\t\t<div class=\"elementor-element elementor-element-50c0f0a elementor-widget elementor-widget-spacer\" data-id=\"50c0f0a\" data-element_type=\"widget\" data-e-type=\"widget\" data-widget_type=\"spacer.default\">\n\t\t\t\t<div class=\"elementor-widget-container\">\n\t\t\t\t\t\t\t<div class=\"elementor-spacer\">\n\t\t\t<div class=\"elementor-spacer-inner\"><\/div>\n\t\t<\/div>\n\t\t\t\t\t\t<\/div>\n\t\t\t\t<\/div>\n\t\t\t\t\t<\/div>\n\t\t<\/div>\n\t\t\t\t\t<\/div>\n\t\t<\/section>\n\t\t\t\t<section class=\"elementor-section elementor-top-section elementor-element elementor-element-39d67ac5 elementor-section-boxed elementor-section-height-default elementor-section-height-default wpr-particle-no wpr-jarallax-no wpr-parallax-no wpr-sticky-section-no wpr-equal-height-no\" data-id=\"39d67ac5\" data-element_type=\"section\" data-e-type=\"section\">\n\t\t\t\t\t\t<div class=\"elementor-container elementor-column-gap-default\">\n\t\t\t\t\t<div class=\"elementor-column elementor-col-100 elementor-top-column elementor-element elementor-element-377d5b23\" data-id=\"377d5b23\" data-element_type=\"column\" data-e-type=\"column\">\n\t\t\t<div class=\"elementor-widget-wrap elementor-element-populated\">\n\t\t\t\t\t\t<div class=\"elementor-element elementor-element-6768c0e3 elementor-widget elementor-widget-heading\" data-id=\"6768c0e3\" data-element_type=\"widget\" data-e-type=\"widget\" data-widget_type=\"heading.default\">\n\t\t\t\t<div class=\"elementor-widget-container\">\n\t\t\t\t\t<h1 class=\"elementor-heading-title elementor-size-medium\"><a href=\"https:\/\/ulmatlantique.fr\/?page_id=202\">contact@ulmatlantique.com<\/a><\/h1>\t\t\t\t<\/div>\n\t\t\t\t<\/div>\n\t\t\t\t\t<\/div>\n\t\t<\/div>\n\t\t\t\t\t<\/div>\n\t\t<\/section>\n\t\t\t\t<section class=\"elementor-section elementor-top-section elementor-element elementor-element-6533355 elementor-section-boxed elementor-section-height-default elementor-section-height-default wpr-particle-no wpr-jarallax-no wpr-parallax-no wpr-sticky-section-no wpr-equal-height-no\" data-id=\"6533355\" data-element_type=\"section\" data-e-type=\"section\">\n\t\t\t\t\t\t<div class=\"elementor-container elementor-column-gap-default\">\n\t\t\t\t\t<div class=\"elementor-column elementor-col-100 elementor-top-column elementor-element elementor-element-69864a38\" data-id=\"69864a38\" data-element_type=\"column\" data-e-type=\"column\">\n\t\t\t<div class=\"elementor-widget-wrap elementor-element-populated\">\n\t\t\t\t\t\t<div class=\"elementor-element elementor-element-44ed7784 elementor-widget elementor-widget-heading\" data-id=\"44ed7784\" data-element_type=\"widget\" data-e-type=\"widget\" data-settings=\"{&quot;_animation&quot;:&quot;none&quot;}\" data-widget_type=\"heading.default\">\n\t\t\t\t<div class=\"elementor-widget-container\">\n\t\t\t\t\t<h1 class=\"elementor-heading-title elementor-size-medium\">+33.(0)6.88.84.41.97<\/h1>\t\t\t\t<\/div>\n\t\t\t\t<\/div>\n\t\t\t\t\t<\/div>\n\t\t<\/div>\n\t\t\t\t\t<\/div>\n\t\t<\/section>\n\t\t\t\t<\/div>\n\t\t","protected":false},"excerpt":{"rendered":"<p>Galerie Vid\u00e9os Clip Photos ULM ATLANTIQUE Osez Le courant d&rsquo;Huchet avec JP le 23 03 2022 Vol de Pierre Mansencal le 29-10-2021 Test Camera Suiveuse Vol de Pascal Freches le 24-10-2021 Vol de Faustine le 26-10-2021 Vol du 23-10-2019 Vol du 28-10-2019 &#8211; La Plage Vol de Melissa le 12-01-2022 Bapt\u00eame de l&rsquo;air de Susie Le Bassin d&rsquo;Arcachon avec Nicolas Vol du 21-10-2019 Vol du 26-10-2019 &#8211; Mimizan Biscarrosse Bapt\u00eame de Caroline le 07 Juillet 2020 \u00e0 Mimizan D\u00e9couverte de Mimizan et de la C\u00f4te pour Chantal le 14 Aout 2020 Des souvenirs uniques pour Davy le 31 Aout 2020 Vol Pendulaire Nicolas 17 02 2021 Vol du 02-02-2020 Le 30 Mars 2021 &#8211; Derni\u00e8re balade \u00e0 Monpezat en Autogire Vol du 07-10-2019 avec Fred Vol du 12-10-2019 Le 18-10-2021 &#8211; Une belle balade pour Camille en fin de journ\u00e9e Vol du 14-10-2019 Vol du 29-10-2019 &#8211; St Julien &#8211; Contis Vol du soir Le 28-05-2020 Mimizan &#8211; la C\u00f4te et les Cumulus Landais pour Jean-Charles le 14 Aout 2020 Le 20-11-2019 &#8211; Tour de Piste Bapt\u00eame de Sophie le 14 Aout \u00e0 Mimizan Bapt\u00eame de Marya le 14 Aout \u00e0 Mimizan Le 25 Mars 2021 &#8211; Belle journ\u00e9e pour obtenir le brevet Autogire Le 26-08-2020 &#8211; Vol sur la plage avec Nicolas Vol du soir Le 28 05 2020 &#8211; 360\u00b0 contact@ulmatlantique.com +33.(0)6.88.84.41.97<\/p>\n","protected":false},"author":1,"featured_media":0,"parent":0,"menu_order":1,"comment_status":"closed","ping_status":"closed","template":"","meta":{"footnotes":""},"class_list":["post-212","page","type-page","status-publish","hentry"],"acf":[],"jetpack_sharing_enabled":true,"_links":{"self":[{"href":"https:\/\/ulmatlantique.fr\/index.php?rest_route=\/wp\/v2\/pages\/212","targetHints":{"allow":["GET"]}}],"collection":[{"href":"https:\/\/ulmatlantique.fr\/index.php?rest_route=\/wp\/v2\/pages"}],"about":[{"href":"https:\/\/ulmatlantique.fr\/index.php?rest_route=\/wp\/v2\/types\/page"}],"author":[{"embeddable":true,"href":"https:\/\/ulmatlantique.fr\/index.php?rest_route=\/wp\/v2\/users\/1"}],"replies":[{"embeddable":true,"href":"https:\/\/ulmatlantique.fr\/index.php?rest_route=%2Fwp%2Fv2%2Fcomments&post=212"}],"version-history":[{"count":285,"href":"https:\/\/ulmatlantique.fr\/index.php?rest_route=\/wp\/v2\/pages\/212\/revisions"}],"predecessor-version":[{"id":6357,"href":"https:\/\/ulmatlantique.fr\/index.php?rest_route=\/wp\/v2\/pages\/212\/revisions\/6357"}],"wp:attachment":[{"href":"https:\/\/ulmatlantique.fr\/index.php?rest_route=%2Fwp%2Fv2%2Fmedia&parent=212"}],"curies":[{"name":"wp","href":"https:\/\/api.w.org\/{rel}","templated":true}]}}